{"version":"1.0","provider_name":"ADAC Tourenwagen Junior Cup","provider_url":"https:\/\/www.tourenwagenjuniorcup.de\/en\/","author_name":"Matthias Meyer","author_url":"https:\/\/www.tourenwagenjuniorcup.de\/en\/author\/matthias\/","title":"NEUZUGANG IM TOURENWAGEN JUNIOR CUP: K\u00dcS TEAM BERNHARD | ADAC Tourenwagen Junior Cup","type":"rich","width":600,"height":338,"html":"<blockquote class=\"wp-embedded-content\" data-secret=\"kJgqVYunac\"><a href=\"https:\/\/www.tourenwagenjuniorcup.de\/en\/neuzugang-im-tourenwagen-junior-cup-kues-team-bernhard\/\">NEUZUGANG IM TOURENWAGEN JUNIOR CUP: K\u00dcS TEAM BERNHARD<\/a><\/blockquote><iframe sandbox=\"allow-scripts\" security=\"restricted\" src=\"https:\/\/www.tourenwagenjuniorcup.de\/en\/neuzugang-im-tourenwagen-junior-cup-kues-team-bernhard\/embed\/#?secret=kJgqVYunac\" width=\"600\" height=\"338\" title=\"&#8220;NEUZUGANG IM TOURENWAGEN JUNIOR CUP: K\u00dcS TEAM BERNHARD&#8221; &#8212; ADAC Tourenwagen Junior Cup\" data-secret=\"kJgqVYunac\" frameborder=\"0\" marginwidth=\"0\" marginheight=\"0\" scrolling=\"no\" class=\"wp-embedded-content\"><\/iframe><script type=\"text\/javascript\">\n\/* <![CDATA[ *\/\n\/*! This file is auto-generated *\/\n!function(d,l){\"use strict\";l.querySelector&&d.addEventListener&&\"undefined\"!=typeof URL&&(d.wp=d.wp||{},d.wp.receiveEmbedMessage||(d.wp.receiveEmbedMessage=function(e){var t=e.data;if((t||t.secret||t.message||t.value)&&!\/[^a-zA-Z0-9]\/.test(t.secret)){for(var s,r,n,a=l.querySelectorAll('iframe[data-secret=\"'+t.secret+'\"]'),o=l.querySelectorAll('blockquote[data-secret=\"'+t.secret+'\"]'),c=new RegExp(\"^https?:$\",\"i\"),i=0;i<o.length;i++)o[i].style.display=\"none\";for(i=0;i<a.length;i++)s=a[i],e.source===s.contentWindow&&(s.removeAttribute(\"style\"),\"height\"===t.message?(1e3<(r=parseInt(t.value,10))?r=1e3:~~r<200&&(r=200),s.height=r):\"link\"===t.message&&(r=new URL(s.getAttribute(\"src\")),n=new URL(t.value),c.test(n.protocol))&&n.host===r.host&&l.activeElement===s&&(d.top.location.href=t.value))}},d.addEventListener(\"message\",d.wp.receiveEmbedMessage,!1),l.addEventListener(\"DOMContentLoaded\",function(){for(var e,t,s=l.querySelectorAll(\"iframe.wp-embedded-content\"),r=0;r<s.length;r++)(t=(e=s[r]).getAttribute(\"data-secret\"))||(t=Math.random().toString(36).substring(2,12),e.src+=\"#?secret=\"+t,e.setAttribute(\"data-secret\",t)),e.contentWindow.postMessage({message:\"ready\",secret:t},\"*\")},!1)))}(window,document);\n\/* ]]> *\/\n<\/script>\n","thumbnail_url":"https:\/\/www.tourenwagenjuniorcup.de\/wp-content\/uploads\/Team_75_Bernhard_Entry.jpg","thumbnail_width":1920,"thumbnail_height":1080,"description":"Neuzugang im Tourenwagen Junior Cup: K\u00dcS Team Bernhard Das K\u00dcS Team Bernhard geht in Sachen Talentf\u00f6rderung den n\u00e4chsten Schritt und steigt in den Tourenwagen Junior Cup ein. Erster Fahrer f\u00fcr die Mannschaft aus Landstuhl ist Daniel Gregor. Der 15-J\u00e4hrige aus Leinsweiler konnte als Kartfahrer im Junior Team 75 Bernhard \u00fcberzeugen und wird in der kommenden Saison einen VW up! GTI ... Read More"}